{"id":1797,"date":"2026-07-15T19:19:34","date_gmt":"2026-07-15T23:19:34","guid":{"rendered":"https:\/\/fjjf.ca\/?page_id=1797"},"modified":"2026-07-30T22:28:46","modified_gmt":"2026-07-31T02:28:46","slug":"accueil-2","status":"publish","type":"page","link":"https:\/\/fjjf.ca\/fr\/accueil-2\/","title":{"rendered":"Accueil"},"content":{"rendered":"\t\t<div data-elementor-type=\"wp-page\" data-elementor-id=\"1797\" class=\"elementor elementor-1797 elementor-1796\" data-elementor-post-type=\"page\">\n\t\t\t\t<div class=\"elementor-element elementor-element-bb8eece e-flex e-con-boxed e-con e-parent\" data-id=\"bb8eece\" data-element_type=\"container\" data-e-type=\"container\" data-settings=\"{&quot;background_background&quot;:&quot;classic&quot;}\">\n\t\t\t\t\t<div class=\"e-con-inner\">\n\t\t<div class=\"elementor-element elementor-element-b14abe2 e-con-full e-flex e-con e-child\" data-id=\"b14abe2\" data-element_type=\"container\" data-e-type=\"container\" data-settings=\"{&quot;background_background&quot;:&quot;classic&quot;}\">\n\t\t\t\t<div class=\"elementor-element elementor-element-8d0ae4a elementor-widget__width-initial elementor-widget elementor-widget-heading\" data-id=\"8d0ae4a\" data-element_type=\"widget\" data-e-type=\"widget\" data-widget_type=\"heading.default\">\n\t\t\t\t<div class=\"elementor-widget-container\">\n\t\t\t\t\t<h2 class=\"elementor-heading-title elementor-size-default\">Soutenir la communaut\u00e9 des jeunes Ukrainiens \u00e0 Montr\u00e9al.<\/h2>\t\t\t\t<\/div>\n\t\t\t\t<\/div>\n\t\t\t\t<div class=\"elementor-element elementor-element-a70c172 elementor-widget elementor-widget-heading\" data-id=\"a70c172\" data-element_type=\"widget\" data-e-type=\"widget\" data-widget_type=\"heading.default\">\n\t\t\t\t<div class=\"elementor-widget-container\">\n\t\t\t\t\t<h2 class=\"elementor-heading-title elementor-size-default\">Bienvenue \u00e0 la FONDATION P\u00c8RE JOSAPHAT JEAN<\/h2>\t\t\t\t<\/div>\n\t\t\t\t<\/div>\n\t\t\t\t<\/div>\n\t\t\t\t\t<\/div>\n\t\t\t\t<\/div>\n\t\t<div class=\"elementor-element elementor-element-c59c6b7 e-flex e-con-boxed e-con e-parent\" data-id=\"c59c6b7\" data-element_type=\"container\" data-e-type=\"container\">\n\t\t\t\t\t<div class=\"e-con-inner\">\n\t\t<div class=\"elementor-element elementor-element-c55c346 e-con-full e-flex e-con e-child\" data-id=\"c55c346\" data-element_type=\"container\" data-e-type=\"container\">\n\t\t<div class=\"elementor-element elementor-element-902ec67 e-con-full e-flex e-con e-child\" data-id=\"902ec67\" data-element_type=\"container\" data-e-type=\"container\" data-settings=\"{&quot;background_background&quot;:&quot;classic&quot;}\">\n\t\t\t\t<div class=\"elementor-element elementor-element-20947fb elementor-widget elementor-widget-heading\" data-id=\"20947fb\" data-element_type=\"widget\" data-e-type=\"widget\" data-widget_type=\"heading.default\">\n\t\t\t\t<div class=\"elementor-widget-container\">\n\t\t\t\t\t<h2 class=\"elementor-heading-title elementor-size-default\">P\u00e8re Josaphat Jean, OSIBM<\/h2>\t\t\t\t<\/div>\n\t\t\t\t<\/div>\n\t\t\t\t<\/div>\n\t\t<div class=\"elementor-element elementor-element-1cc2296 e-con-full e-flex e-con e-child\" data-id=\"1cc2296\" data-element_type=\"container\" data-e-type=\"container\">\n\t\t\t\t<div class=\"elementor-element elementor-element-808d17a elementor-widget elementor-widget-text-editor\" data-id=\"808d17a\" data-element_type=\"widget\" data-e-type=\"widget\" data-widget_type=\"text-editor.default\">\n\t\t\t\t<div class=\"elementor-widget-container\">\n\t\t\t\t\t\t\t\t\t<div class=\"fjjf-intro-text\">\n\nFran\u00e7ois Joseph Victorian Jean est n\u00e9 \u00e0 Saint-Fabien, dans le comt\u00e9 de Rimouski, au Qu\u00e9bec, le 19 mars 1885. Il \u00e9tait le fils d&rsquo;\u00c9douard Jean, agriculteur, et de son \u00e9pouse, Elvine Lefebvre-Boulanger. Il fr\u00e9quenta l&rsquo;\u00e9cole du village pendant dix ans, puis, en 1941, commen\u00e7a ses \u00e9tudes classiques au petit s\u00e9minaire de Rimouski.\n\n&nbsp;\n\nC&rsquo;est au s\u00e9minaire de Rimouski que Fran\u00e7ois Jean entendit parler pour la premi\u00e8re fois des Ukrainiens. \u00c0 cette \u00e9poque, les \u00e9v\u00eaques canadiens-fran\u00e7ais de l&rsquo;Ouest menaient des campagnes de financement pour construire des \u00e9coles et des \u00e9glises pour les colons ukrainiens nouvellement arriv\u00e9s en Alberta. Le jeune Fran\u00e7ois Jean termina ses \u00e9tudes classiques en 1907 et entra au grand s\u00e9minaire de Rimouski. Apr\u00e8s avoir lu une brochure sur l&rsquo;\u00c9glise catholique ukrainienne du r\u00e9v\u00e9rend p\u00e8re Achille Dela\u00e8re, CSsR, il d\u00e9cida de se convertir au rite ukrainien. Il acheva ses \u00e9tudes de th\u00e9ologie au grand s\u00e9minaire de Montr\u00e9al et fut ordonn\u00e9 pr\u00eatre de rite latin de l&rsquo;\u00c9glise catholique \u00e0 Rimouski le 14 ao\u00fbt 1910.\n\n<\/div>\t\t\t\t\t\t\t\t<\/div>\n\t\t\t\t<\/div>\n\t\t\t\t<\/div>\n\t\t\t\t<\/div>\n\t\t<div class=\"elementor-element elementor-element-f3e3229 e-con-full e-flex e-con e-child\" data-id=\"f3e3229\" data-element_type=\"container\" data-e-type=\"container\">\n\t\t<div class=\"elementor-element elementor-element-c735da4 e-con-full e-flex e-con e-child\" data-id=\"c735da4\" data-element_type=\"container\" data-e-type=\"container\">\n\t\t\t\t<div class=\"elementor-element elementor-element-e2e26d5 elementor-widget elementor-widget-text-editor\" data-id=\"e2e26d5\" data-element_type=\"widget\" data-e-type=\"widget\" data-widget_type=\"text-editor.default\">\n\t\t\t\t<div class=\"elementor-widget-container\">\n\t\t\t\t\t\t\t\t\tAu Congr\u00e8s eucharistique international de Montr\u00e9al en septembre 1910, le p\u00e8re Jean rencontra le m\u00e9tropolite Andr\u00e9 Sheptysky, OSBM, qui l&rsquo;encouragea dans son d\u00e9sir de servir le peuple ukrainien. Le 24 septembre 1910, il quitta le Canada avec deux autres clercs canadiens-fran\u00e7ais pour \u00e9tudier la langue et le rite ukrainiens aupr\u00e8s des P\u00e8res Basiliens \u00e0 Krekhiw, en Ukraine occidentale. Le 6 septembre 1911, il devint le septi\u00e8me pr\u00eatre catholique francophone \u00e0 se convertir au rite oriental.<br><br>De retour au Canada en juin 1912, il fut nomm\u00e9 pr\u00eatre dioc\u00e9sain et, \u00e0 la demande de l&rsquo;\u00e9v\u00eaque Langevin, il fonda une \u00e9cole missionnaire pour enfants ukrainiens \u00e0 Sifton, au Manitoba. Il a \u00e9galement \u0153uvr\u00e9 dans plusieurs missions ukrainiennes du dioc\u00e8se de Saint-Boniface.<br><br>Ayant d\u00e9cid\u00e9 de rejoindre l&rsquo;ordre basilien, le p\u00e8re Jean quitta le Canada pour Krekhiw et commen\u00e7a son noviciat le 12 novembre 1913, prenant le nom de Josaphat. Lorsque la Premi\u00e8re Guerre mondiale \u00e9clata en ao\u00fbt 1914, les moines s&rsquo;enfuirent en Hongrie et en Croatie pour \u00e9chapper \u00e0 l&rsquo;avanc\u00e9e des troupes russes. \u00c0 la demande de son sup\u00e9rieur, le p\u00e8re Jean resta sur place pour desservir neuf paroisses pr\u00e8s de Stary Sambir. Avec la retraite des forces russes, le p\u00e8re Jean reprit son noviciat et pronon\u00e7a ses v\u0153ux le 4 mars 1917. Il occupa plusieurs postes importants au sein de l&rsquo;\u00c9glise \u00e0 Zhovkva et, en septembre 1918, il fut nomm\u00e9 \u00e0 la t\u00eate d&rsquo;une \u00e9cole pr\u00e8s de Buchach, accueillant cinquante \u00e9l\u00e8ves, dont beaucoup \u00e9taient des orphelins de guerre ukrainiens.\t\t\t\t\t\t\t\t<\/div>\n\t\t\t\t<\/div>\n\t\t\t\t<\/div>\n\t\t\t\t<\/div>\n\t\t<div class=\"elementor-element elementor-element-e6704fb e-con-full e-flex e-con e-child\" data-id=\"e6704fb\" data-element_type=\"container\" data-e-type=\"container\" data-settings=\"{&quot;background_background&quot;:&quot;classic&quot;}\">\n\t\t<div class=\"elementor-element elementor-element-573e684 e-con-full e-flex e-con e-child\" data-id=\"573e684\" data-element_type=\"container\" data-e-type=\"container\">\n\t\t\t\t<div class=\"elementor-element elementor-element-c38de6b elementor-widget elementor-widget-text-editor\" data-id=\"c38de6b\" data-element_type=\"widget\" data-e-type=\"widget\" data-widget_type=\"text-editor.default\">\n\t\t\t\t<div class=\"elementor-widget-container\">\n\t\t\t\t\t\t\t\t\t<div class=\"fjjf-section\">\r\n  <h2>Politique et diplomatie<\/h2>\r\n  <div class=\"fjjf-h2rule\"><\/div><br><br>Le 1er novembre 1918, les Ukrainiens de l\u2019Empire austro-hongrois d\u00e9clar\u00e8rent leur ind\u00e9pendance et fond\u00e8rent la R\u00e9publique nationale ukrainienne occidentale, dirig\u00e9e par le Dr Eug\u00e8ne Petrushveych. \u00c0 la demande du gouvernement, le p\u00e8re Jean, avec l\u2019autorisation de son sup\u00e9rieur provincial, le p\u00e8re A. Kaiysz, participa activement aux activit\u00e9s du nouveau gouvernement. Il occupa les fonctions de secr\u00e9taire du pr\u00e9sident et d\u2019interpr\u00e8te, mettant ainsi \u00e0 profit sa connaissance de la langue fran\u00e7aise.<br><br>En juillet 1919, le p\u00e8re Jean fut nomm\u00e9 aum\u00f4nier militaire au sein de l\u2019Arm\u00e9e ukrainienne de Galicie. En plus de ses fonctions diplomatiques et militaires, il apporta \u00e9galement son aide dans plusieurs h\u00f4pitaux militaires durant l\u2019\u00e9pid\u00e9mie de typhus qui ravageait alors le pays. Le p\u00e8re Jean consid\u00e9ra toujours comme un miracle le fait de ne pas avoir \u00e9t\u00e9 victime de cette \u00e9pid\u00e9mie, qui d\u00e9cima les forces arm\u00e9es ukrainiennes.<br><br>\u00c0 la demande de Simon Petlura, chef du gouvernement ukrainien unifi\u00e9, le p\u00e8re Jean exer\u00e7a les fonctions d\u2019interpr\u00e8te aupr\u00e8s de la Mission diplomatique ukrainienne \u00e0 Varsovie, du 10 octobre 1919 au 15 ao\u00fbt 1920. Il fut \u00e9galement nomm\u00e9 secr\u00e9taire g\u00e9n\u00e9ral de la Croix-Rouge ukrainienne. Durant cette p\u00e9riode, il utilisa son influence aupr\u00e8s des autorit\u00e9s de l\u2019\u00c9glise de rite romain et du nouveau gouvernement polonais afin de venir en aide aux pr\u00eatres ukrainiens d\u00e9tenus comme prisonniers par la Pologne, aux prisonniers politiques ukrainiens ainsi qu\u2019aux orphelins.<br><br>Le 8 septembre, le p\u00e8re Jean fut envoy\u00e9 comme d\u00e9l\u00e9gu\u00e9 \u00e0 la Conf\u00e9rence de paix de Riga. Toutefois, la d\u00e9l\u00e9gation ukrainienne occidentale ne fut pas reconnue par les repr\u00e9sentants de l\u2019Ukraine sovi\u00e9tique, de la Russie sovi\u00e9tique et de la Pologne. Il quitta alors Riga pour Gen\u00e8ve, o\u00f9 il assista aux sessions de la Soci\u00e9t\u00e9 des Nations de 1920 \u00e0 1923 en qualit\u00e9 de repr\u00e9sentant diplomatique de la R\u00e9publique nationale ukrainienne.<br><br>La principale mission du p\u00e8re Jean \u00e0 Gen\u00e8ve consistait \u00e0 diffuser de l\u2019information sur la situation politique en Ukraine. Au cours de ses missions diplomatiques, il rencontra le premier ministre fran\u00e7ais Georges Clemenceau, le mar\u00e9chal fran\u00e7ais Ferdinand Foch, le premier ministre britannique David Lloyd George, le roi Alexandre de Serbie, l\u2019archev\u00eaque Achille Ratti, futur pape Pie XI, l\u2019homme d\u2019\u00c9tat allemand Walther Rathenau, le pr\u00e9sident polonais J\u00f3zef Pi\u0142sudski, l\u2019hetman ukrainien Pavlo Skoropadsky ainsi que plusieurs autres dirigeants. Pour ses services militaires et diplomatiques, le p\u00e8re Jean re\u00e7ut la Croix Simon Petlura et la Croix de la R\u00e9publique nationale ukrainienne occidentale.<br><br>Le p\u00e8re Jean quitta l\u2019ordre des Basiliens et rejoignit les Studites, une communaut\u00e9 religieuse fond\u00e9e par le m\u00e9tropolite Sheptysky. En juin 1923, le m\u00e9tropolite envoya le p\u00e8re Jean en Bosnie afin d\u2019y \u00e9tablir un monast\u00e8re destin\u00e9 aux Ukrainiens qui s\u2019y \u00e9taient install\u00e9s. Il fut toutefois accueilli avec une grande hostilit\u00e9 par les repr\u00e9sentants du gouvernement serbe et fut arr\u00eat\u00e9. Gr\u00e2ce \u00e0 sa citoyennet\u00e9 britannique et \u00e0 l\u2019intervention de l\u2019ambassadeur britannique, il fut lib\u00e9r\u00e9 apr\u00e8s deux jours.<br><br><\/div><br>\t\t\t\t\t\t\t\t<\/div>\n\t\t\t\t<\/div>\n\t\t\t\t<\/div>\n\t\t\t\t<\/div>\n\t\t<div class=\"elementor-element elementor-element-789b066 e-con-full e-flex e-con e-child\" data-id=\"789b066\" data-element_type=\"container\" data-e-type=\"container\" data-settings=\"{&quot;background_background&quot;:&quot;classic&quot;}\">\n\t\t<div class=\"elementor-element elementor-element-082a172 e-con-full e-flex e-con e-child\" data-id=\"082a172\" data-element_type=\"container\" data-e-type=\"container\">\n\t\t\t\t<div class=\"elementor-element elementor-element-3f76332 elementor-widget elementor-widget-text-editor\" data-id=\"3f76332\" data-element_type=\"widget\" data-e-type=\"widget\" data-widget_type=\"text-editor.default\">\n\t\t\t\t<div class=\"elementor-widget-container\">\n\t\t\t\t\t\t\t\t\t<div class=\"fjjf-section\">\r\n  <h2>La colonie en Abitibi<\/h2>\r\n  <div class=\"fjjf-h2rule\"><\/div><br><br>  <p>Le 3 avril 1925, le p\u00e8re Jean revint au Canada avec Volodymyr Bachinsky, secr\u00e9taire d\u2019une soci\u00e9t\u00e9 d\u2019aide aux immigrants ukrainiens. Ils tent\u00e8rent de convaincre le gouvernement canadien de rouvrir les portes \u00e0 une immigration ukrainienne \u00e0 grande \u00e9chelle au Canada. \u00c0 Ottawa, le p\u00e8re Jean rencontra l\u2019honorable Ernest Lapointe, ministre du cabinet f\u00e9d\u00e9ral, dans l\u2019espoir d\u2019obtenir une concession de terres dans l\u2019Ouest canadien pour de nouveaux immigrants ukrainiens. Cette d\u00e9marche n\u2019ayant donn\u00e9 aucun r\u00e9sultat, le p\u00e8re Jean communiqua avec le minist\u00e8re de la Colonisation du gouvernement du Qu\u00e9bec et obtint une concession de 250 milles carr\u00e9s de terres en Abitibi.<\/p><br><br>  <p>Dans ses efforts pour acc\u00e9l\u00e9rer l\u2019arriv\u00e9e de colons ukrainiens en provenance de Bosnie, le p\u00e8re Jean communiqua avec le minist\u00e8re de l\u2019Immigration, des compagnies de transport et le gouvernement du Qu\u00e9bec. Il sollicita leur aide afin de construire une route et de fournir des logements aux futurs habitants du village, auquel il donna le nom de \u00ab Sheptytsky \u00bb. Il dut construire une route partant de la voie ferr\u00e9e et traversant huit milles de for\u00eat jusqu\u2019au nouvel emplacement du village. Il transporta les mat\u00e9riaux de construction \u00e0 l\u2019aide d\u2019un attelage de b\u0153ufs sur cette route boueuse. Avec ses propres ressources, il construisit une chapelle, un couvent et un monast\u00e8re pour les moines studites, puis c\u00e9l\u00e9bra la premi\u00e8re Divine Liturgie le 14 ao\u00fbt 1925.<\/p><br><br>  <p>Quelques familles ukrainiennes de Montr\u00e9al et d\u2019autres r\u00e9gions du Qu\u00e9bec s\u2019install\u00e8rent dans la r\u00e9gion. En 1928, lorsque d\u2019autres pionniers ukrainiens arriv\u00e8rent, le gouvernement canadien accorda une aide pour la construction de camps rudimentaires. Toutefois, les colons ukrainiens de Bosnie ne vinrent jamais. L\u2019arriv\u00e9e de la Grande D\u00e9pression en 1930 mit pratiquement fin \u00e0 toute nouvelle immigration ukrainienne au Canada. Les longs hivers et, surtout, l\u2019isolement par rapport aux autres communaut\u00e9s ukrainiennes d\u00e9courag\u00e8rent toute migration importante d\u2019Ukrainiens provenant d\u2019autres r\u00e9gions du Canada.<\/p><br><br>  <p>C\u2019est avec un profond regret que le p\u00e8re Jean dut abandonner son projet de colonisation. Une partie de la r\u00e9gion fut colonis\u00e9e par des familles canadiennes-fran\u00e7aises de Montr\u00e9al et, en 1935, le nom du village fut chang\u00e9 de Sheptytsky \u00e0 Lac-Castagnier.<\/p><br><br>  <p>En 1930, le p\u00e8re Jean se rendit \u00e0 Montr\u00e9al afin de travailler aupr\u00e8s des paroissiens ukrainiens. Le 24 mai 1931, il quitta l\u2019ordre des Studites et retourna chez les Basiliens \u00e0 Mundare, en Alberta, o\u00f9 il r\u00e9int\u00e9gra le noviciat. Il pronon\u00e7a sa profession monastique solennelle \u00e0 Montr\u00e9al le 22 d\u00e9cembre 1935. De 1940 \u00e0 1942, il exer\u00e7a son minist\u00e8re \u00e0 la paroisse Saint-Michel de Montr\u00e9al.<\/p><br><br>  <p>Malgr\u00e9 les nombreuses d\u00e9ceptions et difficult\u00e9s, le p\u00e8re Jean poursuivit sa mission aupr\u00e8s des Ukrainiens du Canada. Le 18 octobre 1942, il fut affect\u00e9 \u00e0 la paroisse catholique ukrainienne d\u2019Ottawa et travailla \u00e0 d\u00e9fendre la cause des Ukrainiens aupr\u00e8s du gouvernement f\u00e9d\u00e9ral durant les difficiles ann\u00e9es de guerre. Sous sa direction, la communaut\u00e9 ukrainienne d\u2019Ottawa contribua \u00e0 la Croix-Rouge et \u00e9tablit des liens avec les militaires ukrainiens servant dans les Forces arm\u00e9es canadiennes, tant au Canada qu\u2019en Europe. Le p\u00e8re Jean exer\u00e7a son minist\u00e8re \u00e0 Ottawa jusqu\u2019au 3 juillet 1945.<\/p><br><\/div><br>\t\t\t\t\t\t\t\t<\/div>\n\t\t\t\t<\/div>\n\t\t\t\t<\/div>\n\t\t\t\t<\/div>\n\t\t<div class=\"elementor-element elementor-element-f8021c7 e-con-full e-flex e-con e-child\" data-id=\"f8021c7\" data-element_type=\"container\" data-e-type=\"container\" data-settings=\"{&quot;background_background&quot;:&quot;classic&quot;}\">\n\t\t<div class=\"elementor-element elementor-element-710f8f4 e-con-full e-flex e-con e-child\" data-id=\"710f8f4\" data-element_type=\"container\" data-e-type=\"container\">\n\t\t\t\t<div class=\"elementor-element elementor-element-1bbd4df elementor-widget elementor-widget-text-editor\" data-id=\"1bbd4df\" data-element_type=\"widget\" data-e-type=\"widget\" data-widget_type=\"text-editor.default\">\n\t\t\t\t<div class=\"elementor-widget-container\">\n\t\t\t\t\t\t\t\t\t<div class=\"fjjf-section\">\r\n  <h2>Dans l\u2019Europe d\u2019apr\u00e8s-guerre<\/h2>\r\n  <div class=\"fjjf-h2rule\"><\/div><br><br>  <p>En 1945, le p\u00e8re Jean fut envoy\u00e9 en Europe afin de venir en aide aux personnes d\u00e9plac\u00e9es ukrainiennes, y compris les Basiliens d\u00e9plac\u00e9s. De 1945 \u00e0 1949, il travailla en Angleterre aupr\u00e8s de la communaut\u00e9 ukrainienne en pleine croissance. Il collabora \u00e9troitement avec le Bureau canadien de secours aux Ukrainiens ainsi qu\u2019avec d\u2019autres organismes d\u2019aide aux immigrants. Il assista aux r\u00e9unions des Nations Unies \u00e0 Londres en janvier, puis \u00e0 Paris en octobre 1946.<\/p><br><br>  <p>Le p\u00e8re Jean joua un r\u00f4le d\u00e9terminant dans l\u2019organisation de la premi\u00e8re paroisse catholique ukrainienne en Angleterre. Il obtint des autorit\u00e9s catholiques anglaises l\u2019usage d\u2019une \u00e9glise et y exer\u00e7a les fonctions de cur\u00e9 de f\u00e9vrier 1947 \u00e0 ao\u00fbt 1949. Depuis l\u2019Angleterre, il voyagea \u00e9galement dans d\u2019autres pays d\u2019Europe afin de visiter les r\u00e9fugi\u00e9s ukrainiens, de venir en aide aux survivants des camps de concentration ainsi qu\u2019\u00e0 ceux qui fuyaient l\u2019occupation sovi\u00e9tique des territoires ukrainiens. Le p\u00e8re Jean encouragea et aida un grand nombre de ces personnes d\u00e9plac\u00e9es ukrainiennes \u00e0 immigrer au Canada.<\/p><br><br>  <p>De retour au Canada en 1949, le p\u00e8re Jean poursuivit son minist\u00e8re sacerdotal \u00e0 Edmonton, Mundare et Vancouver. En 1961, \u00e0 l\u2019\u00e2ge de 76 ans, il se retira au monast\u00e8re basilien de Grimsby, en Ontario, o\u00f9 il consacra les derni\u00e8res ann\u00e9es de sa vie au jardinage, \u00e0 la r\u00e9daction de ses m\u00e9moires et \u00e0 la recherche historique. Il conserva toute sa vie un vif int\u00e9r\u00eat pour les livres rares et les manuscrits, et sa collection devint le fondement de l\u2019actuel Mus\u00e9e et Archives ukrainiens de Mundare. Il demeura directeur honoraire de ce mus\u00e9e jusqu\u2019\u00e0 son d\u00e9c\u00e8s. Sa collection de rares ouvrages en vieux slavon d\u2019\u00c9glise est la seule au Canada dont l\u2019origine remonte \u00e0 la p\u00e9riode pr\u00e9c\u00e9dant la Seconde Guerre mondiale.<\/p><br><br>  <p>Le p\u00e8re Jean s\u2019\u00e9teignit le 8 juin 1972 \u00e0 Grimsby, en Ontario, \u00e0 l\u2019\u00e2ge de 87 ans. Il fut inhum\u00e9 au cimeti\u00e8re basilien de Mundare. Lors de ses fun\u00e9railles, son cercueil fut recouvert du drapeau ukrainien. Son corps fut accompagn\u00e9 jusqu\u2019\u00e0 sa derni\u00e8re demeure par une garde d\u2019honneur compos\u00e9e de membres du Plast (les scouts ukrainiens), puisqu\u2019il avait lui-m\u00eame \u00e9t\u00e9 un a\u00een\u00e9 du Plast.<\/p><br><\/div><br>\t\t\t\t\t\t\t\t<\/div>\n\t\t\t\t<\/div>\n\t\t\t\t<\/div>\n\t\t\t\t<\/div>\n\t\t<div class=\"elementor-element elementor-element-306761d e-con-full e-flex e-con e-child\" data-id=\"306761d\" data-element_type=\"container\" data-e-type=\"container\" data-settings=\"{&quot;background_background&quot;:&quot;classic&quot;}\">\n\t\t<div class=\"elementor-element elementor-element-2f20025 e-con-full e-flex e-con e-child\" data-id=\"2f20025\" data-element_type=\"container\" data-e-type=\"container\">\n\t\t\t\t<div class=\"elementor-element elementor-element-d56d131 elementor-widget elementor-widget-text-editor\" data-id=\"d56d131\" data-element_type=\"widget\" data-e-type=\"widget\" data-widget_type=\"text-editor.default\">\n\t\t\t\t<div class=\"elementor-widget-container\">\n\t\t\t\t\t\t\t\t\t<div class=\"fjjf-section\"><div class=\"fjjf-tribute\"><div class=\"fjjf-rule\">\u00a0<\/div><p><span style=\"color: #ffffff;\">\u00ab\u00a0`<\/span><\/p><p><span style=\"color: #ffffff;\">Le p\u00e8re Jean fut une personnalit\u00e9 exceptionnelle et marquante de l\u2019histoire des Ukrainiens au Canada. Lorsqu\u2019il choisit de consacrer sa vie \u00e0 l\u2019\u00c9glise ukrainienne et au peuple ukrainien, il adopta non seulement le rite ukrainien et ses traditions culturelles, mais \u00e9galement les convictions religieuses et politiques de ce peuple, particuli\u00e8rement celles des Ukrainiens de l\u2019Ouest, auxquelles il demeura fid\u00e8le tout au long de sa vie. Il parlait couramment l\u2019ukrainien, sans jamais perdre son accent canadien-fran\u00e7ais si distinctif. Le p\u00e8re Jean demeure un exemple remarquable du d\u00e9vouement absolu d\u2019un missionnaire envers le peuple qu\u2019il a choisi de servir, ainsi qu\u2019un symbole vivant de l\u2019id\u00e9al du multiculturalisme au Canada.<\/span><\/p><p><span style=\"color: #ffffff;\">\u00ab\u00a0`<\/span><\/p><\/div><\/div>\t\t\t\t\t\t\t\t<\/div>\n\t\t\t\t<\/div>\n\t\t\t\t<div class=\"elementor-element elementor-element-2c073da elementor-widget elementor-widget-heading\" data-id=\"2c073da\" data-element_type=\"widget\" data-e-type=\"widget\" data-widget_type=\"heading.default\">\n\t\t\t\t<div class=\"elementor-widget-container\">\n\t\t\t\t\t<h2 class=\"elementor-heading-title elementor-size-default\">Myron Momryk<br> Reproduit avec l'autorisation du magazine <em>BEACON<\/em>, num\u00e9ro de juillet\u2013ao\u00fbt 1982.<br> Publi\u00e9 par les P\u00e8res basiliens, Toronto (Ontario).<\/h2>\t\t\t\t<\/div>\n\t\t\t\t<\/div>\n\t\t\t\t<\/div>\n\t\t\t\t<\/div>\n\t\t\t\t<div class=\"elementor-element elementor-element-51520df elementor-widget elementor-widget-html\" data-id=\"51520df\" data-element_type=\"widget\" data-e-type=\"widget\" data-widget_type=\"html.default\">\n\t\t\t\t<div class=\"elementor-widget-container\">\n\t\t\t\t\t<style>\r\n.fjjf-about{font-family:inherit;color:var(--e-global-color-text,#4B4B4B);line-height:1.75;font-size:17px;margin:0 auto;max-width:960px;}\r\n.fjjf-about p{margin:0 0 1.2em;color:var(--e-global-color-text,#4B4B4B);}\r\n.fjjf-hero{background:var(--e-global-color-074794b,#0D1530);text-align:center;padding:64px 24px;border-radius:8px;}\r\n.fjjf-hero h1{color:#FFFFFF;font-size:38px;line-height:1.25;margin:0 0 10px;letter-spacing:.5px;}\r\n.fjjf-hero .fjjf-dates{color:var(--e-global-color-12641c6,#EFDC00);font-size:20px;letter-spacing:2px;margin:0;}\r\n.fjjf-hero .fjjf-rule{width:70px;height:3px;background:var(--e-global-color-12641c6,#EFDC00);margin:18px auto 0;}\r\n.fjjf-section{padding:48px 24px;}\r\n.fjjf-section--tint{background:#F4F6FB;border-radius:8px;}\r\n.fjjf-section h2{color:var(--e-global-color-primary,#243B6E);font-size:28px;margin:0 0 8px;}\r\n.fjjf-section .fjjf-h2rule{width:52px;height:3px;background:var(--e-global-color-12641c6,#EFDC00);margin:0 0 24px;}\r\n.fjjf-intro{display:flex;gap:36px;align-items:flex-start;}\r\n.fjjf-portrait{flex:0 0 300px;max-width:300px;}\r\n.fjjf-portrait img{width:100%;height:auto;display:block;border-radius:8px;border:4px solid #FFFFFF;box-shadow:0 4px 18px rgba(13,21,48,.18);}\r\n.fjjf-portrait figcaption{font-size:14px;color:var(--e-global-color-secondary,#707070);text-align:center;margin-top:10px;font-style:italic;}\r\n.fjjf-intro-text{flex:1;min-width:0;}\r\n.fjjf-intro-text p:first-child::first-letter{color:var(--e-global-color-primary,#243B6E);font-size:52px;font-weight:700;float:left;line-height:.9;padding-right:10px;}\r\n.fjjf-tribute{background:var(--e-global-color-primary,#243B6E);border-radius:8px;padding:44px 36px;margin:8px 0 0;}\r\n.fjjf-tribute p{color:#FFFFFF;font-size:19px;line-height:1.8;margin:0;}\r\n.fjjf-tribute .fjjf-rule{width:70px;height:3px;background:var(--e-global-color-12641c6,#EFDC00);margin:0 0 22px;}\r\n.fjjf-credit{padding:26px 24px 8px;text-align:center;}\r\n.fjjf-credit p{color:var(--e-global-color-secondary,#707070);font-size:14px;font-style:italic;margin:0 0 4px;}\r\n@media (max-width:767px){\r\n.fjjf-intro{flex-direction:column;}\r\n.fjjf-portrait{flex:none;max-width:260px;margin:0 auto;}\r\n.fjjf-hero h1{font-size:28px;}\r\n.fjjf-section{padding:36px 18px;}\r\n}\r\n<\/style>\t\t\t\t<\/div>\n\t\t\t\t<\/div>\n\t\t\t\t\t<\/div>\n\t\t\t\t<\/div>\n\t\t\t\t<\/div>\n\t\t","protected":false},"excerpt":{"rendered":"<p>Soutenir la communaut\u00e9 des jeunes Ukrainiens \u00e0 Montr\u00e9al. Bienvenue \u00e0 la FONDATION P\u00c8RE JOSAPHAT JEAN P\u00e8re Josaphat Jean, OSIBM Fran\u00e7ois Joseph Victorian Jean est n\u00e9 \u00e0 Saint-Fabien, dans le comt\u00e9 de Rimouski, au Qu\u00e9bec, le 19 mars 1885. Il \u00e9tait le fils d&rsquo;\u00c9douard Jean, agriculteur, et de son \u00e9pouse, Elvine Lefebvre-Boulanger. Il fr\u00e9quenta l&rsquo;\u00e9cole du [&hellip;]<\/p>\n","protected":false},"author":1,"featured_media":0,"parent":0,"menu_order":0,"comment_status":"closed","ping_status":"closed","template":"elementor_header_footer","meta":{"footnotes":""},"class_list":["post-1797","page","type-page","status-publish","hentry"],"yoast_head":"<!-- This site is optimized with the Yoast SEO plugin v28.4 - https:\/\/yoast.com\/product\/yoast-seo-wordpress\/ -->\n<title>Accueil - Father Josaphat Jean Foundation - FJJF<\/title>\n<meta name=\"robots\" content=\"index, follow, max-snippet:-1, max-image-preview:large, max-video-preview:-1\" \/>\n<link rel=\"canonical\" href=\"https:\/\/fjjf.ca\/fr\/accueil-2\/\" \/>\n<meta property=\"og:locale\" content=\"fr_FR\" \/>\n<meta property=\"og:type\" content=\"article\" \/>\n<meta property=\"og:title\" content=\"Accueil - Father Josaphat Jean Foundation - FJJF\" \/>\n<meta property=\"og:description\" content=\"Soutenir la communaut\u00e9 des jeunes Ukrainiens \u00e0 Montr\u00e9al. Bienvenue \u00e0 la FONDATION P\u00c8RE JOSAPHAT JEAN P\u00e8re Josaphat Jean, OSIBM Fran\u00e7ois Joseph Victorian Jean est n\u00e9 \u00e0 Saint-Fabien, dans le comt\u00e9 de Rimouski, au Qu\u00e9bec, le 19 mars 1885. Il \u00e9tait le fils d&rsquo;\u00c9douard Jean, agriculteur, et de son \u00e9pouse, Elvine Lefebvre-Boulanger. Il fr\u00e9quenta l&rsquo;\u00e9cole du [&hellip;]\" \/>\n<meta property=\"og:url\" content=\"https:\/\/fjjf.ca\/fr\/accueil-2\/\" \/>\n<meta property=\"og:site_name\" content=\"Father Josaphat Jean Foundation - FJJF\" \/>\n<meta property=\"article:modified_time\" content=\"2026-07-31T02:28:46+00:00\" \/>\n<meta name=\"twitter:card\" content=\"summary_large_image\" \/>\n<meta name=\"twitter:label1\" content=\"Dur\u00e9e de lecture estim\u00e9e\" \/>\n\t<meta name=\"twitter:data1\" content=\"10 minutes\" \/>\n<script type=\"application\/ld+json\" class=\"yoast-schema-graph\">{\"@context\":\"https:\\\/\\\/schema.org\",\"@graph\":[{\"@type\":\"WebPage\",\"@id\":\"https:\\\/\\\/fjjf.ca\\\/fr\\\/accueil-2\\\/\",\"url\":\"https:\\\/\\\/fjjf.ca\\\/fr\\\/accueil-2\\\/\",\"name\":\"Accueil - Father Josaphat Jean Foundation - FJJF\",\"isPartOf\":{\"@id\":\"https:\\\/\\\/fjjf.ca\\\/fr\\\/#website\"},\"datePublished\":\"2026-07-15T23:19:34+00:00\",\"dateModified\":\"2026-07-31T02:28:46+00:00\",\"breadcrumb\":{\"@id\":\"https:\\\/\\\/fjjf.ca\\\/fr\\\/accueil-2\\\/#breadcrumb\"},\"inLanguage\":\"fr-FR\",\"potentialAction\":[{\"@type\":\"ReadAction\",\"target\":[\"https:\\\/\\\/fjjf.ca\\\/fr\\\/accueil-2\\\/\"]}]},{\"@type\":\"BreadcrumbList\",\"@id\":\"https:\\\/\\\/fjjf.ca\\\/fr\\\/accueil-2\\\/#breadcrumb\",\"itemListElement\":[{\"@type\":\"ListItem\",\"position\":1,\"name\":\"Home\",\"item\":\"https:\\\/\\\/fjjf.ca\\\/fr\\\/\"},{\"@type\":\"ListItem\",\"position\":2,\"name\":\"Accueil\"}]},{\"@type\":\"WebSite\",\"@id\":\"https:\\\/\\\/fjjf.ca\\\/fr\\\/#website\",\"url\":\"https:\\\/\\\/fjjf.ca\\\/fr\\\/\",\"name\":\"Father Josaphat Jean Foundation - FJJF\",\"description\":\"upporting the Ukrainian youth community in Montreal.\",\"potentialAction\":[{\"@type\":\"SearchAction\",\"target\":{\"@type\":\"EntryPoint\",\"urlTemplate\":\"https:\\\/\\\/fjjf.ca\\\/fr\\\/?s={search_term_string}\"},\"query-input\":{\"@type\":\"PropertyValueSpecification\",\"valueRequired\":true,\"valueName\":\"search_term_string\"}}],\"inLanguage\":\"fr-FR\"}]}<\/script>\n<!-- \/ Yoast SEO plugin. -->","yoast_head_json":{"title":"Accueil - Father Josaphat Jean Foundation - FJJF","robots":{"index":"index","follow":"follow","max-snippet":"max-snippet:-1","max-image-preview":"max-image-preview:large","max-video-preview":"max-video-preview:-1"},"canonical":"https:\/\/fjjf.ca\/fr\/accueil-2\/","og_locale":"fr_FR","og_type":"article","og_title":"Accueil - Father Josaphat Jean Foundation - FJJF","og_description":"Soutenir la communaut\u00e9 des jeunes Ukrainiens \u00e0 Montr\u00e9al. Bienvenue \u00e0 la FONDATION P\u00c8RE JOSAPHAT JEAN P\u00e8re Josaphat Jean, OSIBM Fran\u00e7ois Joseph Victorian Jean est n\u00e9 \u00e0 Saint-Fabien, dans le comt\u00e9 de Rimouski, au Qu\u00e9bec, le 19 mars 1885. Il \u00e9tait le fils d&rsquo;\u00c9douard Jean, agriculteur, et de son \u00e9pouse, Elvine Lefebvre-Boulanger. Il fr\u00e9quenta l&rsquo;\u00e9cole du [&hellip;]","og_url":"https:\/\/fjjf.ca\/fr\/accueil-2\/","og_site_name":"Father Josaphat Jean Foundation - FJJF","article_modified_time":"2026-07-31T02:28:46+00:00","twitter_card":"summary_large_image","twitter_misc":{"Dur\u00e9e de lecture estim\u00e9e":"10 minutes"},"schema":{"@context":"https:\/\/schema.org","@graph":[{"@type":"WebPage","@id":"https:\/\/fjjf.ca\/fr\/accueil-2\/","url":"https:\/\/fjjf.ca\/fr\/accueil-2\/","name":"Accueil - Father Josaphat Jean Foundation - FJJF","isPartOf":{"@id":"https:\/\/fjjf.ca\/fr\/#website"},"datePublished":"2026-07-15T23:19:34+00:00","dateModified":"2026-07-31T02:28:46+00:00","breadcrumb":{"@id":"https:\/\/fjjf.ca\/fr\/accueil-2\/#breadcrumb"},"inLanguage":"fr-FR","potentialAction":[{"@type":"ReadAction","target":["https:\/\/fjjf.ca\/fr\/accueil-2\/"]}]},{"@type":"BreadcrumbList","@id":"https:\/\/fjjf.ca\/fr\/accueil-2\/#breadcrumb","itemListElement":[{"@type":"ListItem","position":1,"name":"Home","item":"https:\/\/fjjf.ca\/fr\/"},{"@type":"ListItem","position":2,"name":"Accueil"}]},{"@type":"WebSite","@id":"https:\/\/fjjf.ca\/fr\/#website","url":"https:\/\/fjjf.ca\/fr\/","name":"Father Josaphat Jean Foundation - FJJF","description":"upporting the Ukrainian youth community in Montreal.","potentialAction":[{"@type":"SearchAction","target":{"@type":"EntryPoint","urlTemplate":"https:\/\/fjjf.ca\/fr\/?s={search_term_string}"},"query-input":{"@type":"PropertyValueSpecification","valueRequired":true,"valueName":"search_term_string"}}],"inLanguage":"fr-FR"}]}},"_links":{"self":[{"href":"https:\/\/fjjf.ca\/fr\/wp-json\/wp\/v2\/pages\/1797","targetHints":{"allow":["GET"]}}],"collection":[{"href":"https:\/\/fjjf.ca\/fr\/wp-json\/wp\/v2\/pages"}],"about":[{"href":"https:\/\/fjjf.ca\/fr\/wp-json\/wp\/v2\/types\/page"}],"author":[{"embeddable":true,"href":"https:\/\/fjjf.ca\/fr\/wp-json\/wp\/v2\/users\/1"}],"replies":[{"embeddable":true,"href":"https:\/\/fjjf.ca\/fr\/wp-json\/wp\/v2\/comments?post=1797"}],"version-history":[{"count":11,"href":"https:\/\/fjjf.ca\/fr\/wp-json\/wp\/v2\/pages\/1797\/revisions"}],"predecessor-version":[{"id":2144,"href":"https:\/\/fjjf.ca\/fr\/wp-json\/wp\/v2\/pages\/1797\/revisions\/2144"}],"wp:attachment":[{"href":"https:\/\/fjjf.ca\/fr\/wp-json\/wp\/v2\/media?parent=1797"}],"curies":[{"name":"wp","href":"https:\/\/api.w.org\/{rel}","templated":true}]}}